{"id":7890,"date":"2026-05-10T21:43:24","date_gmt":"2026-05-10T19:43:24","guid":{"rendered":"https:\/\/starstory.fr\/blog\/?page_id=7890"},"modified":"2026-05-10T21:43:24","modified_gmt":"2026-05-10T19:43:24","slug":"homepage-v2","status":"publish","type":"page","link":"https:\/\/starstory.fr\/blog\/","title":{"rendered":"Homepage V2"},"content":{"rendered":"\n<section class=\"vg-ticker\" aria-label=\"Derni\u00e8res publications\">\n  <div class=\"vg-ticker__inner\">\n    <div class=\"vg-ticker__label\"><span class=\"dot\"><\/span>En direct<\/div>\n    <div class=\"vg-ticker__track\">\n      <a class=\"vg-ticker__item\" href=\"\/blog\/articles\/eglise-saint-pierre-et-paul\/\">\u00c9glise Saint-Pierre-Paul : Visite &amp; Histoire<\/a>\n      <a class=\"vg-ticker__item\" href=\"\/blog\/articles\/sissi\/\">Sissi : Histoire et L\u00e9gendes de l&rsquo;Imp\u00e9ratrice<\/a>\n      <a class=\"vg-ticker__item\" href=\"\/blog\/articles\/moulin-de-cadillac\/\">Moulin de Cadillac : Visite &amp; Histoire<\/a>\n      <a class=\"vg-ticker__item\" href=\"\/blog\/articles\/grotte-de-niaux\/\">Grotte Niaux : Pr\u00e9histoire, le guide complet<\/a>\n      <a class=\"vg-ticker__item\" href=\"\/blog\/a-la-une\/\">Toutes les actualit\u00e9s<\/a>\n      <a class=\"vg-ticker__item\" href=\"\/blog\/articles\/eglise-saint-pierre-et-paul\/\">\u00c9glise Saint-Pierre-Paul : Visite &amp; Histoire<\/a>\n      <a class=\"vg-ticker__item\" href=\"\/blog\/articles\/sissi\/\">Sissi : Histoire et L\u00e9gendes de l&rsquo;Imp\u00e9ratrice<\/a>\n      <a class=\"vg-ticker__item\" href=\"\/blog\/articles\/moulin-de-cadillac\/\">Moulin de Cadillac : Visite &amp; Histoire<\/a>\n      <a class=\"vg-ticker__item\" href=\"\/blog\/articles\/grotte-de-niaux\/\">Grotte Niaux : Pr\u00e9histoire, le guide complet<\/a>\n      <a class=\"vg-ticker__item\" href=\"\/blog\/a-la-une\/\">Toutes les actualit\u00e9s<\/a>\n    <\/div>\n  <\/div>\n<\/section>\n\n<section class=\"vg-masthead\">\n  <div class=\"vg-wrap\">\n    <div class=\"vg-masthead__row\">\n      <div>\n        <span class=\"vg-edition__sub\">\u00c9dition n\u00b020 \u2014 Stars \u00b7 Cin\u00e9ma \u00b7 Musique \u00b7 Histoire<\/span>\n        <h1 class=\"vg-edition\">Star <em>Story<\/em><\/h1>\n      <\/div>\n      <div class=\"vg-meta\">\n        <strong>5 septembre 2026<\/strong><br>\n        <strong>139+<\/strong> articles publi\u00e9s<br>\n        Cadence <strong>1 article \/ jour<\/strong>\n      <\/div>\n    <\/div>\n  <\/div>\n<\/section>\n\n\n<div class=\"gb-container gb-container-vg-hero-c vg-hero-mount\">\n<div class=\"gb-container gb-container-vg-hero-in\">\n\n<div class=\"gb-grid-wrapper gb-grid-wrapper-vg-hero-g gb-query-loop-wrapper\">\n<div class=\"gb-grid-column gb-grid-column-vg-hero-item gb-query-loop-item post-7774 post type-post status-publish format-standard has-post-thumbnail hentry category-articles\"><div class=\"gb-container gb-container-vg-hero-item vg-hero\">\n\n<div class=\"gb-container gb-container-vg-hero-media vg-hero__media\">\n<figure class=\"gb-block-image gb-block-image-vg-hero-img\"><a href=\"https:\/\/starstory.fr\/blog\/articles\/date-de-la-bataille-de-verdun\/\"><img loading=\"lazy\" decoding=\"async\" width=\"1200\" height=\"627\" src=\"https:\/\/images.pexels.com\/photos\/7441123\/pexels-photo-7441123.jpeg?auto=compress&amp;cs=tinysrgb&amp;fit=crop&amp;h=627&amp;w=1200\" class=\"gb-image-vg-hero-img\" alt=\"\" \/><\/a><\/figure>\n<\/div>\n\n<div class=\"gb-container gb-container-vg-hero-text vg-hero__text\">\n\n<div class=\"gb-headline gb-headline-vg-hero-kicker gb-headline-text vg-hero__kicker\">L&rsquo;ic\u00f4ne du jour<\/div>\n\n<h2 class=\"gb-headline gb-headline-vg-hero-title vg-hero__title gb-headline-text\"><a href=\"https:\/\/starstory.fr\/blog\/articles\/date-de-la-bataille-de-verdun\/\">Bataille de Verdun : Date et Histoire Compl\u00e8te<\/a><\/h2>\n<p class=\"gb-headline gb-headline-vg-hero-excerpt vg-hero__excerpt gb-headline-text\">Premi\u00e8re Guerre mondiale \u2014 1916 La bataille de Verdun a d\u00e9but\u00e9 le 21 f\u00e9vrier 1916 et s\u2019est prolong\u00e9e jusqu\u2019au 18 d\u00e9cembre 1916, devenant l\u2019un des affrontements les plus marquants de la Premi\u00e8re Guerre mondiale. &#8230;<\/p>\n\n<div class=\"gb-headline gb-headline-vg-hero-byline gb-headline-text vg-hero__byline\">Par <strong>Sophie Moreau<\/strong> \u00b7 R\u00e9dactrice en chef<\/div>\n\n<a class=\"gb-button gb-button-vg-hero-cta vg-hero__cta gb-button-text\" href=\"https:\/\/starstory.fr\/blog\/articles\/date-de-la-bataille-de-verdun\/\">Lire l&rsquo;article \u2192<\/a>\n<\/div>\n\n<\/div><\/div>\n<\/div>\n\n<\/div>\n<\/div>\n\n\n<section class=\"vg-section vg-section--paper\">\n  <div class=\"vg-wrap\">\n    <header class=\"vg-section__header\">\n      <span class=\"vg-section__num\">02 \u2014 Le sommaire<\/span>\n      <h2 class=\"vg-section__title\">Derni\u00e8res publications<\/h2>\n      <a class=\"vg-section__more\" href=\"\/blog\/a-la-une\/\">Toutes \u2192<\/a>\n    <\/header>\n  <\/div>\n<\/section>\n\n\n<div class=\"gb-container gb-container-vg-recent-c vg-section vg-section--paper\">\n<div class=\"gb-container gb-container-vg-recent-in\">\n\n<div class=\"gb-grid-wrapper gb-grid-wrapper-vg-recent-g gb-query-loop-wrapper\">\n<div class=\"gb-grid-column gb-grid-column-vg-recent-item gb-query-loop-item post-7776 post type-post status-publish format-standard has-post-thumbnail hentry category-articles\"><div class=\"gb-container gb-container-vg-recent-item vg-card\">\n<div class=\"gb-container gb-container-vg-recent-media vg-card__media\">\n<figure class=\"gb-block-image gb-block-image-vg-recent-img\"><a href=\"https:\/\/starstory.fr\/blog\/articles\/mme-de-maintenon\/\"><img loading=\"lazy\" decoding=\"async\" width=\"1200\" height=\"627\" src=\"https:\/\/images.pexels.com\/photos\/35634035\/pexels-photo-35634035.jpeg?auto=compress&amp;cs=tinysrgb&amp;fit=crop&amp;h=627&amp;w=1200\" class=\"gb-image-vg-recent-img\" alt=\"\" \/><\/a><\/figure>\n<\/div>\n<div class=\"gb-headline gb-headline-vg-recent-cat vg-card__cat gb-headline-text\"><span class=\"post-term-item term-articles\">Articles<\/span><\/div>\n<h3 class=\"gb-headline gb-headline-vg-recent-title vg-card__title gb-headline-text\"><a href=\"https:\/\/starstory.fr\/blog\/articles\/mme-de-maintenon\/\">Mme de Maintenon : Guide Ch\u00e2teau et Histoire<\/a><\/h3>\n<p class=\"gb-headline gb-headline-vg-recent-date vg-card__date gb-headline-text\"><time class=\"entry-date published\" datetime=\"2026-08-31T21:21:37+02:00\">31 ao\u00fbt 2026<\/time><\/p>\n<\/div><\/div>\n\n<div class=\"gb-grid-column gb-grid-column-vg-recent-item gb-query-loop-item post-7779 post type-post status-publish format-standard has-post-thumbnail hentry category-juridique\"><div class=\"gb-container gb-container-vg-recent-item vg-card\">\n<div class=\"gb-container gb-container-vg-recent-media vg-card__media\">\n<figure class=\"gb-block-image gb-block-image-vg-recent-img\"><a href=\"https:\/\/starstory.fr\/blog\/juridique\/marguerite-de-valois-angouleme\/\"><img loading=\"lazy\" decoding=\"async\" width=\"1200\" height=\"627\" src=\"https:\/\/images.pexels.com\/photos\/23414382\/pexels-photo-23414382.jpeg?auto=compress&amp;cs=tinysrgb&amp;fit=crop&amp;h=627&amp;w=1200\" class=\"gb-image-vg-recent-img\" alt=\"\" \/><\/a><\/figure>\n<\/div>\n<div class=\"gb-headline gb-headline-vg-recent-cat vg-card__cat gb-headline-text\"><span class=\"post-term-item term-juridique\">Juridique<\/span><\/div>\n<h3 class=\"gb-headline gb-headline-vg-recent-title vg-card__title gb-headline-text\"><a href=\"https:\/\/starstory.fr\/blog\/juridique\/marguerite-de-valois-angouleme\/\">Marguerite Valois Angoul\u00eame : Histoire 2026<\/a><\/h3>\n<p class=\"gb-headline gb-headline-vg-recent-date vg-card__date gb-headline-text\"><time class=\"entry-date published\" datetime=\"2026-08-31T21:15:13+02:00\">31 ao\u00fbt 2026<\/time><\/p>\n<\/div><\/div>\n\n<div class=\"gb-grid-column gb-grid-column-vg-recent-item gb-query-loop-item post-7667 post type-post status-publish format-standard has-post-thumbnail hentry category-cinema-et-television tag-actrice-francaise tag-cinema-francais tag-impact-culturel\"><div class=\"gb-container gb-container-vg-recent-item vg-card\">\n<div class=\"gb-container gb-container-vg-recent-media vg-card__media\">\n<figure class=\"gb-block-image gb-block-image-vg-recent-img\"><a href=\"https:\/\/starstory.fr\/blog\/cinema-et-television\/actrice-francaise-decedee-analyse-de-leur-impact-sur-le-cinema-francais\/\"><img loading=\"lazy\" decoding=\"async\" width=\"768\" height=\"439\" src=\"https:\/\/starstory.fr\/blog\/wp-content\/uploads\/2025\/12\/pag-image-693bfc6f32675-scaled.png\" class=\"gb-image-vg-recent-img\" alt=\"pag-image-693bfc6f32675\" \/><\/a><\/figure>\n<\/div>\n<div class=\"gb-headline gb-headline-vg-recent-cat vg-card__cat gb-headline-text\"><span class=\"post-term-item term-cinema-et-television\">Cin\u00e9ma et T\u00e9l\u00e9vision<\/span><\/div>\n<h3 class=\"gb-headline gb-headline-vg-recent-title vg-card__title gb-headline-text\"><a href=\"https:\/\/starstory.fr\/blog\/cinema-et-television\/actrice-francaise-decedee-analyse-de-leur-impact-sur-le-cinema-francais\/\">Actrices fran\u00e7aises d\u00e9c\u00e9d\u00e9es en 2025 : hommage \u00e0 leur h\u00e9ritage au cin\u00e9ma<\/a><\/h3>\n<p class=\"gb-headline gb-headline-vg-recent-date vg-card__date gb-headline-text\"><time class=\"entry-date published\" datetime=\"2026-08-31T21:01:03+02:00\">31 ao\u00fbt 2026<\/time><\/p>\n<\/div><\/div>\n\n<div class=\"gb-grid-column gb-grid-column-vg-recent-item gb-query-loop-item post-7511 post type-post status-publish format-standard has-post-thumbnail hentry category-a-la-une tag-dcoration tag-galerie-en-ligne tag-tapis-rouge\"><div class=\"gb-container gb-container-vg-recent-item vg-card\">\n<div class=\"gb-container gb-container-vg-recent-media vg-card__media\">\n<figure class=\"gb-block-image gb-block-image-vg-recent-img\"><a href=\"https:\/\/starstory.fr\/blog\/a-la-une\/ou-explorer-les-plus-belles-galeries-de-tapis-rouges-en-ligne\/\"><img loading=\"lazy\" decoding=\"async\" width=\"768\" height=\"320\" src=\"https:\/\/starstory.fr\/blog\/wp-content\/uploads\/2025\/07\/sdxl-014cd6c521996916735e52773617ec2f-scaled.png\" class=\"gb-image-vg-recent-img\" alt=\"\" \/><\/a><\/figure>\n<\/div>\n<div class=\"gb-headline gb-headline-vg-recent-cat vg-card__cat gb-headline-text\"><span class=\"post-term-item term-a-la-une\">\u00c0 la une<\/span><\/div>\n<h3 class=\"gb-headline gb-headline-vg-recent-title vg-card__title gb-headline-text\"><a href=\"https:\/\/starstory.fr\/blog\/a-la-une\/ou-explorer-les-plus-belles-galeries-de-tapis-rouges-en-ligne\/\">O\u00f9 explorer les plus belles galeries de tapis rouges en ligne<\/a><\/h3>\n<p class=\"gb-headline gb-headline-vg-recent-date vg-card__date gb-headline-text\"><time class=\"entry-date published\" datetime=\"2026-08-31T20:26:23+02:00\">31 ao\u00fbt 2026<\/time><\/p>\n<\/div><\/div>\n\n<div class=\"gb-grid-column gb-grid-column-vg-recent-item gb-query-loop-item post-7416 post type-post status-publish format-standard has-post-thumbnail hentry category-a-la-une tag-bordeaux tag-carnaval tag-fete\"><div class=\"gb-container gb-container-vg-recent-item vg-card\">\n<div class=\"gb-container gb-container-vg-recent-media vg-card__media\">\n<figure class=\"gb-block-image gb-block-image-vg-recent-img\"><a href=\"https:\/\/starstory.fr\/blog\/a-la-une\/le-carnaval-des-deux-rives-la-grande-fete-coloree-de-bordeaux\/\"><img loading=\"lazy\" decoding=\"async\" width=\"768\" height=\"320\" src=\"https:\/\/starstory.fr\/blog\/wp-content\/uploads\/2025\/03\/sdxl-11702e31bde6cb6fe72885f26d2cf240.png\" class=\"gb-image-vg-recent-img\" alt=\"\" \/><\/a><\/figure>\n<\/div>\n<div class=\"gb-headline gb-headline-vg-recent-cat vg-card__cat gb-headline-text\"><span class=\"post-term-item term-a-la-une\">\u00c0 la une<\/span><\/div>\n<h3 class=\"gb-headline gb-headline-vg-recent-title vg-card__title gb-headline-text\"><a href=\"https:\/\/starstory.fr\/blog\/a-la-une\/le-carnaval-des-deux-rives-la-grande-fete-coloree-de-bordeaux\/\">Le Carnaval des Deux Rives : La Grande F\u00eate Color\u00e9e de Bordeaux<\/a><\/h3>\n<p class=\"gb-headline gb-headline-vg-recent-date vg-card__date gb-headline-text\"><time class=\"entry-date published\" datetime=\"2026-08-31T20:25:25+02:00\">31 ao\u00fbt 2026<\/time><\/p>\n<\/div><\/div>\n\n<div class=\"gb-grid-column gb-grid-column-vg-recent-item gb-query-loop-item post-7424 post type-post status-publish format-standard has-post-thumbnail hentry category-a-la-une tag-carnaval tag-dunkerque tag-tradition\"><div class=\"gb-container gb-container-vg-recent-item vg-card\">\n<div class=\"gb-container gb-container-vg-recent-media vg-card__media\">\n<figure class=\"gb-block-image gb-block-image-vg-recent-img\"><a href=\"https:\/\/starstory.fr\/blog\/a-la-une\/le-carnaval-de-dunkerque-une-tradition-festive-unique-en-france\/\"><img loading=\"lazy\" decoding=\"async\" width=\"768\" height=\"320\" src=\"https:\/\/starstory.fr\/blog\/wp-content\/uploads\/2025\/05\/sdxl-a68265679553af08b3317732ea4e0499-scaled.png\" class=\"gb-image-vg-recent-img\" alt=\"\" \/><\/a><\/figure>\n<\/div>\n<div class=\"gb-headline gb-headline-vg-recent-cat vg-card__cat gb-headline-text\"><span class=\"post-term-item term-a-la-une\">\u00c0 la une<\/span><\/div>\n<h3 class=\"gb-headline gb-headline-vg-recent-title vg-card__title gb-headline-text\"><a href=\"https:\/\/starstory.fr\/blog\/a-la-une\/le-carnaval-de-dunkerque-une-tradition-festive-unique-en-france\/\">Le Carnaval de Dunkerque : Une Tradition Festive Unique en France<\/a><\/h3>\n<p class=\"gb-headline gb-headline-vg-recent-date vg-card__date gb-headline-text\"><time class=\"entry-date published\" datetime=\"2026-08-31T20:19:35+02:00\">31 ao\u00fbt 2026<\/time><\/p>\n<\/div><\/div>\n<\/div>\n\n<\/div>\n<\/div>\n\n\n<section class=\"vg-section vg-section--dark\">\n  <div class=\"vg-wrap\">\n    <header class=\"vg-section__header\">\n      <span class=\"vg-section__num\">03 \u2014 Les rubriques<\/span>\n      <h2 class=\"vg-section__title\">D\u00e9partements<\/h2>\n    <\/header>\n    <nav class=\"vg-rubriques\">\n      <a class=\"vg-rubrique\" href=\"\/blog\/a-la-une\/\">\n        <span class=\"vg-rubrique__num\">N\u00b0 01<\/span>\n        <h3 class=\"vg-rubrique__name\">\u00c0 la une<\/h3>\n        <span class=\"vg-rubrique__count\">84 articles<\/span>\n        <svg class=\"vg-rubrique__arrow\" viewBox=\"0 0 16 16\" fill=\"none\" stroke=\"currentColor\" stroke-width=\"2\"><path d=\"M3 13L13 3M5 3h8v8\"\/><\/svg>\n      <\/a>\n      <a class=\"vg-rubrique\" href=\"\/blog\/cinema-et-television\/\">\n        <span class=\"vg-rubrique__num\">N\u00b0 02<\/span>\n        <h3 class=\"vg-rubrique__name\">Cin\u00e9ma &amp; TV<\/h3>\n        <span class=\"vg-rubrique__count\">Films, s\u00e9ries, \u00e9crans<\/span>\n        <svg class=\"vg-rubrique__arrow\" viewBox=\"0 0 16 16\" fill=\"none\" stroke=\"currentColor\" stroke-width=\"2\"><path d=\"M3 13L13 3M5 3h8v8\"\/><\/svg>\n      <\/a>\n      <a class=\"vg-rubrique\" href=\"\/blog\/musique-et-icones-musicales\/\">\n        <span class=\"vg-rubrique__num\">N\u00b0 03<\/span>\n        <h3 class=\"vg-rubrique__name\">Musique &amp; Ic\u00f4nes<\/h3>\n        <span class=\"vg-rubrique__count\">L\u00e9gendes &amp; tubes<\/span>\n        <svg class=\"vg-rubrique__arrow\" viewBox=\"0 0 16 16\" fill=\"none\" stroke=\"currentColor\" stroke-width=\"2\"><path d=\"M3 13L13 3M5 3h8v8\"\/><\/svg>\n      <\/a>\n      <a class=\"vg-rubrique\" href=\"\/blog\/celebrites-et-influence-en-france\/\">\n        <span class=\"vg-rubrique__num\">N\u00b0 04<\/span>\n        <h3 class=\"vg-rubrique__name\">Stars de France<\/h3>\n        <span class=\"vg-rubrique__count\">C\u00e9l\u00e9brit\u00e9s &amp; influence<\/span>\n        <svg class=\"vg-rubrique__arrow\" viewBox=\"0 0 16 16\" fill=\"none\" stroke=\"currentColor\" stroke-width=\"2\"><path d=\"M3 13L13 3M5 3h8v8\"\/><\/svg>\n      <\/a>\n      <a class=\"vg-rubrique\" href=\"\/blog\/sport-et-legendes-sportives\/\">\n        <span class=\"vg-rubrique__num\">N\u00b0 05<\/span>\n        <h3 class=\"vg-rubrique__name\">Sport &amp; L\u00e9gendes<\/h3>\n        <span class=\"vg-rubrique__count\">Champions &amp; mythes<\/span>\n        <svg class=\"vg-rubrique__arrow\" viewBox=\"0 0 16 16\" fill=\"none\" stroke=\"currentColor\" stroke-width=\"2\"><path d=\"M3 13L13 3M5 3h8v8\"\/><\/svg>\n      <\/a>\n    <\/nav>\n  <\/div>\n<\/section>\n\n<section class=\"vg-section vg-section--paper\">\n  <div class=\"vg-wrap\">\n    <header class=\"vg-section__header\">\n      <span class=\"vg-section__num\">04 \u2014 Cin\u00e9ma &amp; T\u00e9l\u00e9vision<\/span>\n      <h2 class=\"vg-section__title\">L&rsquo;\u00e9cran et les ic\u00f4nes<\/h2>\n      <a class=\"vg-section__more\" href=\"\/blog\/cinema-et-television\/\">Voir tout \u2192<\/a>\n    <\/header>\n  <\/div>\n<\/section>\n\n\n<div class=\"gb-container gb-container-vg-cons-c vg-section vg-section--paper\">\n<div class=\"gb-container gb-container-vg-cons-in\">\n\n<div class=\"gb-grid-wrapper gb-grid-wrapper-vg-cons-g gb-query-loop-wrapper\">\n<div class=\"gb-grid-column gb-grid-column-vg-cons-item gb-query-loop-item post-7667 post type-post status-publish format-standard has-post-thumbnail hentry category-cinema-et-television tag-actrice-francaise tag-cinema-francais tag-impact-culturel\"><div class=\"gb-container gb-container-vg-cons-item vg-card\">\n<div class=\"gb-container gb-container-vg-cons-media vg-card__media\">\n<figure class=\"gb-block-image gb-block-image-vg-cons-img\"><a href=\"https:\/\/starstory.fr\/blog\/cinema-et-television\/actrice-francaise-decedee-analyse-de-leur-impact-sur-le-cinema-francais\/\"><img loading=\"lazy\" decoding=\"async\" width=\"400\" height=\"229\" src=\"https:\/\/starstory.fr\/blog\/wp-content\/uploads\/2025\/12\/pag-image-693bfc6f32675-scaled.png\" class=\"gb-image-vg-cons-img\" alt=\"pag-image-693bfc6f32675\" \/><\/a><\/figure>\n<\/div>\n\n<span class=\"gb-headline gb-headline-vg-cons-cat gb-headline-text vg-card__cat\">Cin\u00e9ma &amp; T\u00e9l\u00e9vision<\/span>\n\n<h3 class=\"gb-headline gb-headline-vg-cons-title vg-card__title gb-headline-text\"><a href=\"https:\/\/starstory.fr\/blog\/cinema-et-television\/actrice-francaise-decedee-analyse-de-leur-impact-sur-le-cinema-francais\/\">Actrices fran\u00e7aises d\u00e9c\u00e9d\u00e9es en 2025 : hommage \u00e0 leur h\u00e9ritage au cin\u00e9ma<\/a><\/h3>\n<\/div><\/div>\n\n<div class=\"gb-grid-column gb-grid-column-vg-cons-item gb-query-loop-item post-8362 post type-post status-publish format-standard has-post-thumbnail hentry category-cinema-et-television\"><div class=\"gb-container gb-container-vg-cons-item vg-card\">\n<div class=\"gb-container gb-container-vg-cons-media vg-card__media\">\n<figure class=\"gb-block-image gb-block-image-vg-cons-img\"><a href=\"https:\/\/starstory.fr\/blog\/cinema-et-television\/koh-lanta-all-stars-tf1-fete-les-25-ans-avec-18-legendes-au-panama\/\"><img loading=\"lazy\" decoding=\"async\" width=\"400\" height=\"266\" src=\"https:\/\/starstory.fr\/blog\/wp-content\/uploads\/2026\/08\/img8362-400x266.jpg\" class=\"gb-image-vg-cons-img\" alt=\"\" srcset=\"https:\/\/starstory.fr\/blog\/wp-content\/uploads\/2026\/08\/img8362-400x266.jpg 400w, https:\/\/starstory.fr\/blog\/wp-content\/uploads\/2026\/08\/img8362-scaled.jpg 1200w, https:\/\/starstory.fr\/blog\/wp-content\/uploads\/2026\/08\/img8362-768x511.jpg 768w, https:\/\/starstory.fr\/blog\/wp-content\/uploads\/2026\/08\/img8362-360x240.jpg 360w\" sizes=\"auto, (max-width: 400px) 100vw, 400px\" \/><\/a><\/figure>\n<\/div>\n\n<span class=\"gb-headline gb-headline-vg-cons-cat gb-headline-text vg-card__cat\">Cin\u00e9ma &amp; T\u00e9l\u00e9vision<\/span>\n\n<h3 class=\"gb-headline gb-headline-vg-cons-title vg-card__title gb-headline-text\"><a href=\"https:\/\/starstory.fr\/blog\/cinema-et-television\/koh-lanta-all-stars-tf1-fete-les-25-ans-avec-18-legendes-au-panama\/\">Koh-Lanta All Stars : TF1 f\u00eate les 25 ans avec 18 l\u00e9gendes au Panama<\/a><\/h3>\n<\/div><\/div>\n\n<div class=\"gb-grid-column gb-grid-column-vg-cons-item gb-query-loop-item post-8347 post type-post status-publish format-standard has-post-thumbnail hentry category-cinema-et-television\"><div class=\"gb-container gb-container-vg-cons-item vg-card\">\n<div class=\"gb-container gb-container-vg-cons-media vg-card__media\">\n<figure class=\"gb-block-image gb-block-image-vg-cons-img\"><a href=\"https:\/\/starstory.fr\/blog\/cinema-et-television\/virginie-efira-soudain-salles-cancel-disney-plus\/\"><img loading=\"lazy\" decoding=\"async\" width=\"400\" height=\"267\" src=\"https:\/\/starstory.fr\/blog\/wp-content\/uploads\/2026\/08\/pexels_starstory_fr_8347_8088386-400x267.jpg\" class=\"gb-image-vg-cons-img\" alt=\"Plateau de tournage : une \u00e9quipe de cin\u00e9ma installe une sc\u00e8ne en int\u00e9rieur\" srcset=\"https:\/\/starstory.fr\/blog\/wp-content\/uploads\/2026\/08\/pexels_starstory_fr_8347_8088386-400x267.jpg 400w, https:\/\/starstory.fr\/blog\/wp-content\/uploads\/2026\/08\/pexels_starstory_fr_8347_8088386-scaled.jpg 1200w, https:\/\/starstory.fr\/blog\/wp-content\/uploads\/2026\/08\/pexels_starstory_fr_8347_8088386-768x512.jpg 768w, https:\/\/starstory.fr\/blog\/wp-content\/uploads\/2026\/08\/pexels_starstory_fr_8347_8088386-360x240.jpg 360w\" sizes=\"auto, (max-width: 400px) 100vw, 400px\" \/><\/a><\/figure>\n<\/div>\n\n<span class=\"gb-headline gb-headline-vg-cons-cat gb-headline-text vg-card__cat\">Cin\u00e9ma &amp; T\u00e9l\u00e9vision<\/span>\n\n<h3 class=\"gb-headline gb-headline-vg-cons-title vg-card__title gb-headline-text\"><a href=\"https:\/\/starstory.fr\/blog\/cinema-et-television\/virginie-efira-soudain-salles-cancel-disney-plus\/\">Virginie Efira : \u00ab Soudain \u00bb en salles et le tournage de \u00ab Cancel \u00bb sur Disney+<\/a><\/h3>\n<\/div><\/div>\n\n<div class=\"gb-grid-column gb-grid-column-vg-cons-item gb-query-loop-item post-8344 post type-post status-publish format-standard has-post-thumbnail hentry category-cinema-et-television\"><div class=\"gb-container gb-container-vg-cons-item vg-card\">\n<div class=\"gb-container gb-container-vg-cons-media vg-card__media\">\n<figure class=\"gb-block-image gb-block-image-vg-cons-img\"><a href=\"https:\/\/starstory.fr\/blog\/cinema-et-television\/spider-man-brand-new-day-record-box-office-360-millions\/\"><img loading=\"lazy\" decoding=\"async\" width=\"400\" height=\"267\" src=\"https:\/\/starstory.fr\/blog\/wp-content\/uploads\/2026\/08\/pexels_starstory_fr_8344_25857614-400x267.jpg\" class=\"gb-image-vg-cons-img\" alt=\"A spacious theater with empty red seats and a large screen, ready for the next audience.\" srcset=\"https:\/\/starstory.fr\/blog\/wp-content\/uploads\/2026\/08\/pexels_starstory_fr_8344_25857614-400x267.jpg 400w, https:\/\/starstory.fr\/blog\/wp-content\/uploads\/2026\/08\/pexels_starstory_fr_8344_25857614-scaled.jpg 1200w, https:\/\/starstory.fr\/blog\/wp-content\/uploads\/2026\/08\/pexels_starstory_fr_8344_25857614-768x512.jpg 768w, https:\/\/starstory.fr\/blog\/wp-content\/uploads\/2026\/08\/pexels_starstory_fr_8344_25857614-360x240.jpg 360w\" sizes=\"auto, (max-width: 400px) 100vw, 400px\" \/><\/a><\/figure>\n<\/div>\n\n<span class=\"gb-headline gb-headline-vg-cons-cat gb-headline-text vg-card__cat\">Cin\u00e9ma &amp; T\u00e9l\u00e9vision<\/span>\n\n<h3 class=\"gb-headline gb-headline-vg-cons-title vg-card__title gb-headline-text\"><a href=\"https:\/\/starstory.fr\/blog\/cinema-et-television\/spider-man-brand-new-day-record-box-office-360-millions\/\">Spider-Man: Brand New Day : 360 millions de dollars, le record du plus gros d\u00e9marrage de l&rsquo;histoire<\/a><\/h3>\n<\/div><\/div>\n<\/div>\n\n<\/div>\n<\/div>\n\n\n<section class=\"vg-edito\">\n  <div class=\"vg-wrap\">\n    <div class=\"vg-edito__inner\">\n      <div class=\"vg-edito__left\">\n        <div class=\"vg-edito__kicker\">L&rsquo;\u00e9dito de la r\u00e9daction<\/div>\n        <h2 class=\"vg-edito__title\">Les \u00e9toiles qui <em>\u00e9clairent<\/em> notre culture.<\/h2>\n      <\/div>\n      <div class=\"vg-edito__right\">\n        <p class=\"vg-edito__body\">StarStory, c&rsquo;est le m\u00e9dia qu&rsquo;on aurait aim\u00e9 lire avant de tomber dans une rabbit hole Wikipedia \u00e0 2h du matin. Pas de potins recycl\u00e9s, pas de fiches biographiques copi\u00e9es-coll\u00e9es \u2014 juste des <em>r\u00e9cits<\/em> qui replacent les ic\u00f4nes (artistes, sportifs, monuments, lieux) dans leur contexte historique et culturel.<\/p>\n        <p class=\"vg-edito__body\">On creuse les origines, on remet en perspective, on raconte le pourquoi. Notre engagement : un article = une histoire, sourc\u00e9e et qui \u00e9claire <em>vraiment<\/em> l&rsquo;ic\u00f4ne qu&rsquo;on croyait conna\u00eetre.<\/p>\n        <div class=\"vg-edito__sig\">\n          <div class=\"vg-edito__avatar\">SM<\/div>\n          <div>\n            <p class=\"vg-edito__name\">Sophie Moreau<\/p>\n            <p class=\"vg-edito__role\">R\u00e9dactrice en chef \u00b7 StarStory<\/p>\n          <\/div>\n        <\/div>\n      <\/div>\n    <\/div>\n  <\/div>\n<\/section>\n\n<section class=\"vg-section vg-section--paper\">\n  <div class=\"vg-wrap\">\n    <header class=\"vg-section__header\">\n      <span class=\"vg-section__num\">06 \u2014 Musique &amp; Stars de France<\/span>\n      <h2 class=\"vg-section__title\">Ic\u00f4nes musicales &amp; c\u00e9l\u00e9brit\u00e9s<\/h2>\n      <a class=\"vg-section__more\" href=\"\/blog\/celebrites-et-influence-en-france\/\">Voir tout \u2192<\/a>\n    <\/header>\n  <\/div>\n<\/section>\n\n\n<div class=\"gb-container gb-container-vg-ent-c vg-section vg-section--paper\">\n<div class=\"gb-container gb-container-vg-ent-in\">\n\n<div class=\"gb-grid-wrapper gb-grid-wrapper-vg-ent-g gb-query-loop-wrapper\">\n<div class=\"gb-grid-column gb-grid-column-vg-ent-item gb-query-loop-item post-8421 post type-post status-publish format-standard has-post-thumbnail hentry category-celebrites-et-influence-en-france\"><div class=\"gb-container gb-container-vg-ent-item vg-card\">\n<div class=\"gb-container gb-container-vg-ent-media vg-card__media\">\n<figure class=\"gb-block-image gb-block-image-vg-ent-img\"><a href=\"https:\/\/starstory.fr\/blog\/celebrites-et-influence-en-france\/christophe-licata-sort-du-silence-sur-sa-separation-davec-coralie-ce-quil-a-dit\/\"><img loading=\"lazy\" decoding=\"async\" width=\"400\" height=\"267\" src=\"https:\/\/starstory.fr\/blog\/wp-content\/uploads\/2026\/09\/pf8421-400x267.jpg\" class=\"gb-image-vg-ent-img\" alt=\"\" srcset=\"https:\/\/starstory.fr\/blog\/wp-content\/uploads\/2026\/09\/pf8421-400x267.jpg 400w, https:\/\/starstory.fr\/blog\/wp-content\/uploads\/2026\/09\/pf8421-scaled.jpg 1200w, https:\/\/starstory.fr\/blog\/wp-content\/uploads\/2026\/09\/pf8421-768x513.jpg 768w, https:\/\/starstory.fr\/blog\/wp-content\/uploads\/2026\/09\/pf8421-360x240.jpg 360w\" sizes=\"auto, (max-width: 400px) 100vw, 400px\" \/><\/a><\/figure>\n<\/div>\n<div class=\"gb-headline gb-headline-vg-ent-cat vg-card__cat gb-headline-text\"><span class=\"post-term-item term-celebrites-et-influence-en-france\">C\u00e9l\u00e9brit\u00e9s et Influence en France<\/span><\/div>\n<h3 class=\"gb-headline gb-headline-vg-ent-title vg-card__title gb-headline-text\"><a href=\"https:\/\/starstory.fr\/blog\/celebrites-et-influence-en-france\/christophe-licata-sort-du-silence-sur-sa-separation-davec-coralie-ce-quil-a-dit\/\">Christophe Licata sort du silence sur sa s\u00e9paration d&rsquo;avec Coralie : ce qu&rsquo;il a dit<\/a><\/h3>\n<\/div><\/div>\n\n<div class=\"gb-grid-column gb-grid-column-vg-ent-item gb-query-loop-item post-8418 post type-post status-publish format-standard has-post-thumbnail hentry category-musique-et-icones-musicales\"><div class=\"gb-container gb-container-vg-ent-item vg-card\">\n<div class=\"gb-container gb-container-vg-ent-media vg-card__media\">\n<figure class=\"gb-block-image gb-block-image-vg-ent-img\"><a href=\"https:\/\/starstory.fr\/blog\/musique-et-icones-musicales\/patrick-bruel-annule-sa-tournee-dautomne-les-conditions-ne-sont-plus-reunies\/\"><img loading=\"lazy\" decoding=\"async\" width=\"400\" height=\"267\" src=\"https:\/\/starstory.fr\/blog\/wp-content\/uploads\/2026\/09\/pf8418-400x267.jpg\" class=\"gb-image-vg-ent-img\" alt=\"\" srcset=\"https:\/\/starstory.fr\/blog\/wp-content\/uploads\/2026\/09\/pf8418-400x267.jpg 400w, https:\/\/starstory.fr\/blog\/wp-content\/uploads\/2026\/09\/pf8418-scaled.jpg 1200w, https:\/\/starstory.fr\/blog\/wp-content\/uploads\/2026\/09\/pf8418-768x512.jpg 768w, https:\/\/starstory.fr\/blog\/wp-content\/uploads\/2026\/09\/pf8418-360x240.jpg 360w\" sizes=\"auto, (max-width: 400px) 100vw, 400px\" \/><\/a><\/figure>\n<\/div>\n<div class=\"gb-headline gb-headline-vg-ent-cat vg-card__cat gb-headline-text\"><span class=\"post-term-item term-musique-et-icones-musicales\">Musique et Ic\u00f4nes Musicales<\/span><\/div>\n<h3 class=\"gb-headline gb-headline-vg-ent-title vg-card__title gb-headline-text\"><a href=\"https:\/\/starstory.fr\/blog\/musique-et-icones-musicales\/patrick-bruel-annule-sa-tournee-dautomne-les-conditions-ne-sont-plus-reunies\/\">Patrick Bruel annule sa tourn\u00e9e d&rsquo;automne : \u00ab les conditions ne sont plus r\u00e9unies \u00bb<\/a><\/h3>\n<\/div><\/div>\n\n<div class=\"gb-grid-column gb-grid-column-vg-ent-item gb-query-loop-item post-8368 post type-post status-publish format-standard has-post-thumbnail hentry category-celebrites-et-influence-en-france\"><div class=\"gb-container gb-container-vg-ent-item vg-card\">\n<div class=\"gb-container gb-container-vg-ent-media vg-card__media\">\n<figure class=\"gb-block-image gb-block-image-vg-ent-img\"><a href=\"https:\/\/starstory.fr\/blog\/celebrites-et-influence-en-france\/geraldine-nakache-maman-a-46-ans-ses-confidences-sur-sa-grossesse-miracle\/\"><img loading=\"lazy\" decoding=\"async\" width=\"400\" height=\"267\" src=\"https:\/\/starstory.fr\/blog\/wp-content\/uploads\/2026\/08\/pf8368-400x267.jpg\" class=\"gb-image-vg-ent-img\" alt=\"\" srcset=\"https:\/\/starstory.fr\/blog\/wp-content\/uploads\/2026\/08\/pf8368-400x267.jpg 400w, https:\/\/starstory.fr\/blog\/wp-content\/uploads\/2026\/08\/pf8368-scaled.jpg 1200w, https:\/\/starstory.fr\/blog\/wp-content\/uploads\/2026\/08\/pf8368-768x513.jpg 768w, https:\/\/starstory.fr\/blog\/wp-content\/uploads\/2026\/08\/pf8368-360x240.jpg 360w\" sizes=\"auto, (max-width: 400px) 100vw, 400px\" \/><\/a><\/figure>\n<\/div>\n<div class=\"gb-headline gb-headline-vg-ent-cat vg-card__cat gb-headline-text\"><span class=\"post-term-item term-celebrites-et-influence-en-france\">C\u00e9l\u00e9brit\u00e9s et Influence en France<\/span><\/div>\n<h3 class=\"gb-headline gb-headline-vg-ent-title vg-card__title gb-headline-text\"><a href=\"https:\/\/starstory.fr\/blog\/celebrites-et-influence-en-france\/geraldine-nakache-maman-a-46-ans-ses-confidences-sur-sa-grossesse-miracle\/\">G\u00e9raldine Nakache maman \u00e0 46 ans : ses confidences sur sa grossesse \u00ab miracle \u00bb<\/a><\/h3>\n<\/div><\/div>\n\n<div class=\"gb-grid-column gb-grid-column-vg-ent-item gb-query-loop-item post-8364 post type-post status-publish format-standard has-post-thumbnail hentry category-celebrites-et-influence-en-france\"><div class=\"gb-container gb-container-vg-ent-item vg-card\">\n<div class=\"gb-container gb-container-vg-ent-media vg-card__media\">\n<figure class=\"gb-block-image gb-block-image-vg-ent-img\"><a href=\"https:\/\/starstory.fr\/blog\/celebrites-et-influence-en-france\/celine-dion-ajoute-six-dates-a-sa-residence-parisienne-face-a-la-demande\/\"><img loading=\"lazy\" decoding=\"async\" width=\"1200\" height=\"627\" src=\"https:\/\/images.pexels.com\/photos\/20649525\/pexels-photo-20649525.jpeg?auto=compress&amp;cs=tinysrgb&amp;fit=crop&amp;h=627&amp;w=1200\" class=\"gb-image-vg-ent-img\" alt=\"\" \/><\/a><\/figure>\n<\/div>\n<div class=\"gb-headline gb-headline-vg-ent-cat vg-card__cat gb-headline-text\"><span class=\"post-term-item term-celebrites-et-influence-en-france\">C\u00e9l\u00e9brit\u00e9s et Influence en France<\/span><\/div>\n<h3 class=\"gb-headline gb-headline-vg-ent-title vg-card__title gb-headline-text\"><a href=\"https:\/\/starstory.fr\/blog\/celebrites-et-influence-en-france\/celine-dion-ajoute-six-dates-a-sa-residence-parisienne-face-a-la-demande\/\">C\u00e9line Dion ajoute six dates \u00e0 sa r\u00e9sidence parisienne face \u00e0 la demande<\/a><\/h3>\n<\/div><\/div>\n<\/div>\n\n<\/div>\n<\/div>\n\n\n<section class=\"vg-section vg-section--paper\">\n  <div class=\"vg-wrap\">\n    <header class=\"vg-section__header\">\n      <span class=\"vg-section__num\">07 \u2014 \u00c0 lire cette semaine<\/span>\n      <h2 class=\"vg-section__title\">La s\u00e9lection<\/h2>\n      <a class=\"vg-section__more\" href=\"\/blog\/a-la-une\/\">Tous les articles \u2192<\/a>\n    <\/header>\n  <\/div>\n<\/section>\n\n\n<div class=\"gb-container gb-container-vg-week-c vg-section vg-section--paper\">\n<div class=\"gb-container gb-container-vg-week-in\">\n\n<div class=\"gb-grid-wrapper gb-grid-wrapper-vg-week-g gb-query-loop-wrapper\">\n<div class=\"gb-grid-column gb-grid-column-vg-week-item gb-query-loop-item post-7428 post type-post status-publish format-standard has-post-thumbnail hentry category-a-la-une tag-francolebanais tag-journaliste tag-leasalame\"><div class=\"gb-container gb-container-vg-week-item vg-list__item\">\n<h3 class=\"gb-headline gb-headline-vg-week-title vg-list__title gb-headline-text\"><a href=\"https:\/\/starstory.fr\/blog\/a-la-une\/lea-salame-lascension-fulgurante-dune-journaliste-franco-libanaise\/\">L\u00e9a Salam\u00e9 : formation et carri\u00e8re d&rsquo;une journaliste franco-libanaise<\/a><\/h3>\n<div class=\"gb-headline gb-headline-vg-week-date vg-list__date gb-headline-text\"><time class=\"entry-date published\" datetime=\"2026-08-31T20:02:18+02:00\">31 ao\u00fbt 2026<\/time><\/div>\n<\/div><\/div>\n\n<div class=\"gb-grid-column gb-grid-column-vg-week-item gb-query-loop-item post-7548 post type-post status-publish format-standard has-post-thumbnail hentry category-a-la-une tag-celebrite tag-livestream-interactif tag-questions-reponses\"><div class=\"gb-container gb-container-vg-week-item vg-list__item\">\n<h3 class=\"gb-headline gb-headline-vg-week-title vg-list__title gb-headline-text\"><a href=\"https:\/\/starstory.fr\/blog\/a-la-une\/plongee-au-coeur-des-portails-interactifs-de-live-streams-et-qa-de-celebrites\/\">Live-streams et sessions Q&#038;A avec des personnalit\u00e9s publiques : comment \u00e7a marche, et comment rep\u00e9rer une arnaque<\/a><\/h3>\n<div class=\"gb-headline gb-headline-vg-week-date vg-list__date gb-headline-text\"><time class=\"entry-date published\" datetime=\"2026-08-31T19:42:45+02:00\">31 ao\u00fbt 2026<\/time><\/div>\n<\/div><\/div>\n\n<div class=\"gb-grid-column gb-grid-column-vg-week-item gb-query-loop-item post-7543 post type-post status-publish format-standard has-post-thumbnail hentry category-a-la-une tag-tendances-coiffure\"><div class=\"gb-container gb-container-vg-week-item vg-list__item\">\n<h3 class=\"gb-headline gb-headline-vg-week-title vg-list__title gb-headline-text\"><a href=\"https:\/\/starstory.fr\/blog\/a-la-une\/decryptez-ou-reperer-les-looks-beaute-et-coiffure-incontournables-des-celebrites\/\">Comment les tendances beaut\u00e9 et coiffure circulent, des podiums aux r\u00e9seaux sociaux<\/a><\/h3>\n<div class=\"gb-headline gb-headline-vg-week-date vg-list__date gb-headline-text\"><time class=\"entry-date published\" datetime=\"2026-08-31T19:37:04+02:00\">31 ao\u00fbt 2026<\/time><\/div>\n<\/div><\/div>\n\n<div class=\"gb-grid-column gb-grid-column-vg-week-item gb-query-loop-item post-7529 post type-post status-publish format-standard has-post-thumbnail hentry category-a-la-une tag-artistes tag-concerts tag-tournees\"><div class=\"gb-container gb-container-vg-week-item vg-list__item\">\n<h3 class=\"gb-headline gb-headline-vg-week-title vg-list__title gb-headline-text\"><a href=\"https:\/\/starstory.fr\/blog\/a-la-une\/les-meilleurs-sites-pour-suivre-les-deplacements-et-tournees-des-artistes\/\">Les meilleurs sites pour suivre les d\u00e9placements et tourn\u00e9es des artistes<\/a><\/h3>\n<div class=\"gb-headline gb-headline-vg-week-date vg-list__date gb-headline-text\"><time class=\"entry-date published\" datetime=\"2026-08-31T18:36:20+02:00\">31 ao\u00fbt 2026<\/time><\/div>\n<\/div><\/div>\n\n<div class=\"gb-grid-column gb-grid-column-vg-week-item gb-query-loop-item post-7549 post type-post status-publish format-standard has-post-thumbnail hentry category-a-la-une tag-celebrites tag-conferences tag-ted-talks\"><div class=\"gb-container gb-container-vg-week-item vg-list__item\">\n<h3 class=\"gb-headline gb-headline-vg-week-title vg-list__title gb-headline-text\"><a href=\"https:\/\/starstory.fr\/blog\/a-la-une\/ou-decouvrir-des-conferences-et-ted-talks-animes-par-des-celebrites\/\">O\u00f9 d\u00e9couvrir des conf\u00e9rences et TED Talks anim\u00e9s par des c\u00e9l\u00e9brit\u00e9s<\/a><\/h3>\n<div class=\"gb-headline gb-headline-vg-week-date vg-list__date gb-headline-text\"><time class=\"entry-date published\" datetime=\"2026-08-31T18:05:33+02:00\">31 ao\u00fbt 2026<\/time><\/div>\n<\/div><\/div>\n\n<div class=\"gb-grid-column gb-grid-column-vg-week-item gb-query-loop-item post-7394 post type-post status-publish format-standard has-post-thumbnail hentry category-a-la-une tag-adaptation tag-comedie tag-tomhanks\"><div class=\"gb-container gb-container-vg-week-item vg-list__item\">\n<h3 class=\"gb-headline gb-headline-vg-week-title vg-list__title gb-headline-text\"><a href=\"https:\/\/starstory.fr\/blog\/a-la-une\/le-pire-voisin-au-monde-quand-tom-hanks-incarne-un-grincheux-attachant\/\">Le Pire Voisin au Monde : Quand Tom Hanks Incarne un Grincheux Attachant<\/a><\/h3>\n<div class=\"gb-headline gb-headline-vg-week-date vg-list__date gb-headline-text\"><time class=\"entry-date published\" datetime=\"2026-08-31T17:21:34+02:00\">31 ao\u00fbt 2026<\/time><\/div>\n<\/div><\/div>\n<\/div>\n\n<\/div>\n<\/div>\n\n\n<section class=\"vg-news\">\n  <div class=\"vg-news__inner\">\n    <div class=\"vg-news__kicker\">Newsletter hebdomadaire<\/div>\n    <h2 class=\"vg-news__title\">Votre dose <em>d&rsquo;ic\u00f4nes<\/em> chaque semaine.<\/h2>\n    <p class=\"vg-news__sub\">Les meilleurs r\u00e9cits, portraits et chroniques de la semaine. Lu en cinq minutes, le dimanche matin avec votre caf\u00e9.<\/p>\n    <form class=\"vg-news__form\" onsubmit=\"event.preventDefault();this.querySelector('.vg-news__ok').classList.add('show');this.querySelector('input').value='';\">\n      <input type=\"email\" required placeholder=\"votre@email.com\" autocomplete=\"email\">\n      <button type=\"submit\">S&rsquo;abonner \u2192<\/button>\n    <\/form>\n    <p class=\"vg-news__ok\">\u2713 Inscrit. \u00c0 dimanche matin.<\/p>\n    <p class=\"vg-news__legal\">Aucun spam. D\u00e9sinscription en 1 clic.<\/p>\n  <\/div>\n<\/section>\n\n<section class=\"vg-team\">\n  <div class=\"vg-wrap\">\n    <header class=\"vg-section__header\">\n      <span class=\"vg-section__num\">09 \u2014 La r\u00e9daction<\/span>\n      <h2 class=\"vg-section__title\">L&rsquo;\u00e9quipe<\/h2>\n    <\/header>\n    <article class=\"vg-team__card\">\n      <div class=\"vg-team__avatar\">SM<\/div>\n      <div>\n        <h3 class=\"vg-team__name\">Sophie Moreau<\/h3>\n        <p class=\"vg-team__role\">R\u00e9dactrice en chef<\/p>\n        <p class=\"vg-team__bio\">Dipl\u00f4m\u00e9e en histoire de l&rsquo;art, journaliste culture depuis dix ans. Elle pilote la ligne \u00e9ditoriale de StarStory et dirige une r\u00e9daction de cinq plumes sp\u00e9cialis\u00e9es (cin\u00e9ma, musique, sport, c\u00e9l\u00e9brit\u00e9s, patrimoine).<\/p>\n        <p class=\"vg-team__expertise\"><strong>Expertises :<\/strong> portraits d&rsquo;ic\u00f4nes \u00b7 cin\u00e9ma classique &amp; contemporain \u00b7 sc\u00e8nes musicales \u00b7 histoire des stars \u00b7 pop culture fran\u00e7aise<\/p>\n      <\/div>\n    <\/article>\n  <\/div>\n<\/section>\n\n<section class=\"vg-stats\">\n  <div class=\"vg-wrap\">\n    <div class=\"vg-stats__header\">\n      <span class=\"vg-stats__label\">Fiche \u00e9ditoriale<\/span>\n      <h2 class=\"vg-stats__title\">Le m\u00e9dia en chiffres<\/h2>\n    <\/div>\n    <div class=\"vg-stats__grid\">\n      <div class=\"vg-stat\">\n        <p class=\"vg-stat__num\"><em>139<\/em>+<\/p>\n        <p class=\"vg-stat__label\">Articles publi\u00e9s<\/p>\n      <\/div>\n      <div class=\"vg-stat\">\n        <p class=\"vg-stat__num\"><em>05<\/em><\/p>\n        <p class=\"vg-stat__label\">Rubriques \u00e9ditoriales<\/p>\n      <\/div>\n      <div class=\"vg-stat\">\n        <p class=\"vg-stat__num\">1<em>\/j<\/em><\/p>\n        <p class=\"vg-stat__label\">Cadence de publication<\/p>\n      <\/div>\n      <div class=\"vg-stat\">\n        <p class=\"vg-stat__num\"><em>2024<\/em><\/p>\n        <p class=\"vg-stat__label\">Ann\u00e9e de lancement<\/p>\n      <\/div>\n    <\/div>\n  <\/div>\n<\/section>\n\n<script>\n(function(){\n  document.querySelectorAll('.vg-card').forEach((el,i)=>{\n    if(!el.querySelector('.vg-card__num')){\n      var n=document.createElement('span');n.className='vg-card__num';n.textContent=String(i+1).padStart(2,'0');\n      el.insertBefore(n, el.firstChild);\n    }\n  });\n  document.querySelectorAll('.vg-list__item').forEach((el,i)=>{\n    if(!el.querySelector('.vg-list__num')){\n      var n=document.createElement('span');n.className='vg-list__num';n.textContent=String(i+8).padStart(2,'0');\n      el.insertBefore(n, el.firstChild);\n    }\n    if(!el.querySelector('.vg-list__arrow')){\n      var s=document.createElementNS('http:\/\/www.w3.org\/2000\/svg','svg');\n      s.setAttribute('class','vg-list__arrow');s.setAttribute('width','20');s.setAttribute('height','20');s.setAttribute('viewBox','0 0 16 16');s.setAttribute('fill','none');s.setAttribute('stroke','currentColor');s.setAttribute('stroke-width','2');\n      var p=document.createElementNS('http:\/\/www.w3.org\/2000\/svg','path');p.setAttribute('d','M2 8h12M9 3l5 5-5 5');\n      s.appendChild(p);el.appendChild(s);\n    }\n  });\n})();\n<\/script>\n\n","protected":false},"excerpt":{"rendered":"","protected":false},"author":41,"featured_media":0,"parent":0,"menu_order":0,"comment_status":"closed","ping_status":"closed","template":"","meta":{"_acf_changed":false,"manual_indexmenow":false,"indexmenow_id_project":0,"footnotes":""},"class_list":["post-7890","page","type-page","status-publish"],"acf":[],"yoast_head":"<!-- This site is optimized with the Yoast SEO Premium plugin v21.3 (Yoast SEO v26.5) - https:\/\/yoast.com\/wordpress\/plugins\/seo\/ -->\n<title>starstory \u2013 Actualit\u00e9s, analyses &amp; reportages<\/title>\n<meta name=\"description\" content=\"Cin\u00e9ma, musique, sport, c\u00e9l\u00e9brit\u00e9s, patrimoine : StarStory raconte les ic\u00f4nes culturelles et les replace dans leur histoire. Un nouvel article chaque jour.\" \/>\n<meta name=\"robots\" content=\"index, follow, max-snippet:-1, max-image-preview:large, max-video-preview:-1\" \/>\n<link rel=\"canonical\" href=\"https:\/\/starstory.fr\/blog\/\" \/>\n<meta property=\"og:locale\" content=\"fr_FR\" \/>\n<meta property=\"og:type\" content=\"article\" \/>\n<meta property=\"og:title\" content=\"StarStory \u2014 Le m\u00e9dia des ic\u00f4nes culturelles\" \/>\n<meta property=\"og:description\" content=\"Cin\u00e9ma, musique, sport, c\u00e9l\u00e9brit\u00e9s : les r\u00e9cits qui \u00e9clairent vraiment les figures de la pop culture.\" \/>\n<meta property=\"og:url\" content=\"https:\/\/starstory.fr\/blog\/\" \/>\n<meta property=\"og:site_name\" content=\"starstory\" \/>\n<meta name=\"twitter:card\" content=\"summary_large_image\" \/>\n<meta name=\"twitter:title\" content=\"StarStory \u2014 Le m\u00e9dia des ic\u00f4nes culturelles\" \/>\n<meta name=\"twitter:description\" content=\"Cin\u00e9ma, musique, sport, c\u00e9l\u00e9brit\u00e9s : les r\u00e9cits qui \u00e9clairent vraiment les figures de la pop culture.\" \/>\n<script type=\"application\/ld+json\" class=\"yoast-schema-graph\">{\"@context\":\"https:\/\/schema.org\",\"@graph\":[{\"@type\":\"WebPage\",\"@id\":\"https:\/\/starstory.fr\/blog\/\",\"url\":\"https:\/\/starstory.fr\/blog\/\",\"name\":\"starstory \u2013 Actualit\u00e9s, analyses & reportages\",\"isPartOf\":{\"@id\":\"https:\/\/starstory.fr\/blog\/#website\"},\"datePublished\":\"2026-05-10T19:43:24+00:00\",\"description\":\"Cin\u00e9ma, musique, sport, c\u00e9l\u00e9brit\u00e9s, patrimoine : StarStory raconte les ic\u00f4nes culturelles et les replace dans leur histoire. Un nouvel article chaque jour.\",\"inLanguage\":\"fr-FR\",\"potentialAction\":[{\"@type\":\"ReadAction\",\"target\":[\"https:\/\/starstory.fr\/blog\/\"]}]},{\"@type\":\"WebSite\",\"@id\":\"https:\/\/starstory.fr\/blog\/#website\",\"url\":\"https:\/\/starstory.fr\/blog\/\",\"name\":\"StarStory\",\"description\":\"StarStory, les \u00e9toiles racontent leur histoire\",\"publisher\":{\"@id\":\"https:\/\/starstory.fr\/blog\/#organization\"},\"alternateName\":\"StarStory, les \u00e9toiles racontent leur histoire\",\"potentialAction\":[{\"@type\":\"SearchAction\",\"target\":{\"@type\":\"EntryPoint\",\"urlTemplate\":\"https:\/\/starstory.fr\/blog\/?s={search_term_string}\"},\"query-input\":{\"@type\":\"PropertyValueSpecification\",\"valueRequired\":true,\"valueName\":\"search_term_string\"}}],\"inLanguage\":\"fr-FR\"},{\"@type\":\"Organization\",\"@id\":\"https:\/\/starstory.fr\/blog\/#organization\",\"name\":\"StarStory\",\"alternateName\":\"StarStory.fr\",\"url\":\"https:\/\/starstory.fr\/blog\/\",\"logo\":{\"@type\":\"ImageObject\",\"inLanguage\":\"fr-FR\",\"@id\":\"https:\/\/starstory.fr\/blog\/#\/schema\/logo\/image\/\",\"url\":\"https:\/\/starstory.fr\/blog\/wp-content\/uploads\/2024\/12\/38.png\",\"contentUrl\":\"https:\/\/starstory.fr\/blog\/wp-content\/uploads\/2024\/12\/38.png\",\"width\":500,\"height\":500,\"caption\":\"StarStory\"},\"image\":{\"@id\":\"https:\/\/starstory.fr\/blog\/#\/schema\/logo\/image\/\"}}]}<\/script>\n<!-- \/ Yoast SEO Premium plugin. -->","yoast_head_json":{"title":"starstory \u2013 Actualit\u00e9s, analyses & reportages","description":"Cin\u00e9ma, musique, sport, c\u00e9l\u00e9brit\u00e9s, patrimoine : StarStory raconte les ic\u00f4nes culturelles et les replace dans leur histoire. Un nouvel article chaque jour.","robots":{"index":"index","follow":"follow","max-snippet":"max-snippet:-1","max-image-preview":"max-image-preview:large","max-video-preview":"max-video-preview:-1"},"canonical":"https:\/\/starstory.fr\/blog\/","og_locale":"fr_FR","og_type":"article","og_title":"StarStory \u2014 Le m\u00e9dia des ic\u00f4nes culturelles","og_description":"Cin\u00e9ma, musique, sport, c\u00e9l\u00e9brit\u00e9s : les r\u00e9cits qui \u00e9clairent vraiment les figures de la pop culture.","og_url":"https:\/\/starstory.fr\/blog\/","og_site_name":"starstory","twitter_card":"summary_large_image","twitter_title":"StarStory \u2014 Le m\u00e9dia des ic\u00f4nes culturelles","twitter_description":"Cin\u00e9ma, musique, sport, c\u00e9l\u00e9brit\u00e9s : les r\u00e9cits qui \u00e9clairent vraiment les figures de la pop culture.","schema":{"@context":"https:\/\/schema.org","@graph":[{"@type":"WebPage","@id":"https:\/\/starstory.fr\/blog\/","url":"https:\/\/starstory.fr\/blog\/","name":"starstory \u2013 Actualit\u00e9s, analyses & reportages","isPartOf":{"@id":"https:\/\/starstory.fr\/blog\/#website"},"datePublished":"2026-05-10T19:43:24+00:00","description":"Cin\u00e9ma, musique, sport, c\u00e9l\u00e9brit\u00e9s, patrimoine : StarStory raconte les ic\u00f4nes culturelles et les replace dans leur histoire. Un nouvel article chaque jour.","inLanguage":"fr-FR","potentialAction":[{"@type":"ReadAction","target":["https:\/\/starstory.fr\/blog\/"]}]},{"@type":"WebSite","@id":"https:\/\/starstory.fr\/blog\/#website","url":"https:\/\/starstory.fr\/blog\/","name":"StarStory","description":"StarStory, les \u00e9toiles racontent leur histoire","publisher":{"@id":"https:\/\/starstory.fr\/blog\/#organization"},"alternateName":"StarStory, les \u00e9toiles racontent leur histoire","potentialAction":[{"@type":"SearchAction","target":{"@type":"EntryPoint","urlTemplate":"https:\/\/starstory.fr\/blog\/?s={search_term_string}"},"query-input":{"@type":"PropertyValueSpecification","valueRequired":true,"valueName":"search_term_string"}}],"inLanguage":"fr-FR"},{"@type":"Organization","@id":"https:\/\/starstory.fr\/blog\/#organization","name":"StarStory","alternateName":"StarStory.fr","url":"https:\/\/starstory.fr\/blog\/","logo":{"@type":"ImageObject","inLanguage":"fr-FR","@id":"https:\/\/starstory.fr\/blog\/#\/schema\/logo\/image\/","url":"https:\/\/starstory.fr\/blog\/wp-content\/uploads\/2024\/12\/38.png","contentUrl":"https:\/\/starstory.fr\/blog\/wp-content\/uploads\/2024\/12\/38.png","width":500,"height":500,"caption":"StarStory"},"image":{"@id":"https:\/\/starstory.fr\/blog\/#\/schema\/logo\/image\/"}}]}},"_links":{"self":[{"href":"https:\/\/starstory.fr\/blog\/wp-json\/wp\/v2\/pages\/7890","targetHints":{"allow":["GET"]}}],"collection":[{"href":"https:\/\/starstory.fr\/blog\/wp-json\/wp\/v2\/pages"}],"about":[{"href":"https:\/\/starstory.fr\/blog\/wp-json\/wp\/v2\/types\/page"}],"author":[{"embeddable":true,"href":"https:\/\/starstory.fr\/blog\/wp-json\/wp\/v2\/users\/41"}],"replies":[{"embeddable":true,"href":"https:\/\/starstory.fr\/blog\/wp-json\/wp\/v2\/comments?post=7890"}],"version-history":[{"count":1,"href":"https:\/\/starstory.fr\/blog\/wp-json\/wp\/v2\/pages\/7890\/revisions"}],"predecessor-version":[{"id":7891,"href":"https:\/\/starstory.fr\/blog\/wp-json\/wp\/v2\/pages\/7890\/revisions\/7891"}],"wp:attachment":[{"href":"https:\/\/starstory.fr\/blog\/wp-json\/wp\/v2\/media?parent=7890"}],"curies":[{"name":"wp","href":"https:\/\/api.w.org\/{rel}","templated":true}]}}